{"version":"1.0","provider_name":"Plan de Pensiones de Empleo (PC30)","provider_url":"https:\/\/www.fpecaixa.info\/ca\/","author_name":"Plan de Pensiones de Empleo (PC30)","author_url":"https:\/\/www.fpecaixa.info\/ca\/","title":"Com es calcula la pensi\u00f3 de jubilaci\u00f3? - Plan de Pensiones de Empleo (PC30)","type":"rich","width":600,"height":338,"html":"<blockquote class=\"wp-embedded-content\" data-secret=\"Hu7kADmuyF\"><a href=\"https:\/\/www.fpecaixa.info\/ca\/faq\/com-es-calcula-la-pensio-de-jubilacio\/\">Com es calcula la pensi\u00f3 de jubilaci\u00f3?<\/a><\/blockquote><iframe sandbox=\"allow-scripts\" security=\"restricted\" src=\"https:\/\/www.fpecaixa.info\/ca\/faq\/com-es-calcula-la-pensio-de-jubilacio\/embed\/#?secret=Hu7kADmuyF\" width=\"600\" height=\"338\" title=\"&#8220;Com es calcula la pensi\u00f3 de jubilaci\u00f3?&#8221; &#8212; Plan de Pensiones de Empleo (PC30)\" data-secret=\"Hu7kADmuyF\" frameborder=\"0\" marginwidth=\"0\" marginheight=\"0\" scrolling=\"no\" class=\"wp-embedded-content\"><\/iframe><script type=\"text\/javascript\">\n\/* <![CDATA[ *\/\n\/*! This file is auto-generated *\/\n!function(d,l){\"use strict\";l.querySelector&&d.addEventListener&&\"undefined\"!=typeof URL&&(d.wp=d.wp||{},d.wp.receiveEmbedMessage||(d.wp.receiveEmbedMessage=function(e){var t=e.data;if((t||t.secret||t.message||t.value)&&!\/[^a-zA-Z0-9]\/.test(t.secret)){for(var s,r,n,a=l.querySelectorAll('iframe[data-secret=\"'+t.secret+'\"]'),o=l.querySelectorAll('blockquote[data-secret=\"'+t.secret+'\"]'),c=new RegExp(\"^https?:$\",\"i\"),i=0;i<o.length;i++)o[i].style.display=\"none\";for(i=0;i<a.length;i++)s=a[i],e.source===s.contentWindow&&(s.removeAttribute(\"style\"),\"height\"===t.message?(1e3<(r=parseInt(t.value,10))?r=1e3:~~r<200&&(r=200),s.height=r):\"link\"===t.message&&(r=new URL(s.getAttribute(\"src\")),n=new URL(t.value),c.test(n.protocol))&&n.host===r.host&&l.activeElement===s&&(d.top.location.href=t.value))}},d.addEventListener(\"message\",d.wp.receiveEmbedMessage,!1),l.addEventListener(\"DOMContentLoaded\",function(){for(var e,t,s=l.querySelectorAll(\"iframe.wp-embedded-content\"),r=0;r<s.length;r++)(t=(e=s[r]).getAttribute(\"data-secret\"))||(t=Math.random().toString(36).substring(2,12),e.src+=\"#?secret=\"+t,e.setAttribute(\"data-secret\",t)),e.contentWindow.postMessage({message:\"ready\",secret:t},\"*\")},!1)))}(window,document);\n\/\/# sourceURL=https:\/\/www.fpecaixa.info\/wp-includes\/js\/wp-embed.min.js\n\/* ]]> *\/\n<\/script>\n","description":"El c\u00e0lcul es realitza en dos passos: Se calcula la base reguladora a partir de las cotizaciones de los \u00faltimos 24 a\u00f1os (periodo computable en 2021, desde 2022 ser\u00e1n los \u00faltimos 25 a\u00f1os). La base reguladora \u00e9s una mitjana ajustada de les bases de cotitzaci\u00f3 d&#8217;aquest per\u00edode. Depenent del temps que s&#8217;hagi cotitzat a la [&hellip;]"}