{"id":2086,"date":"2021-08-27T10:44:57","date_gmt":"2021-08-27T10:44:57","guid":{"rendered":"http:\/\/www.fpecaixa.info\/participi-i-beneficiari\/coneix-el-teu-pla\/"},"modified":"2024-09-30T11:25:54","modified_gmt":"2024-09-30T11:25:54","slug":"coneix-el-teu-pla","status":"publish","type":"page","link":"https:\/\/www.fpecaixa.info\/ca\/participi-i-beneficiari\/coneix-el-teu-pla\/","title":{"rendered":"Coneix el teu Pla"},"content":{"rendered":"\n<div class=\"wp-block-columns is-layout-flex wp-container-core-columns-is-layout-9d6595d7 wp-block-columns-is-layout-flex\">\n<div class=\"wp-block-column is-layout-flow wp-block-column-is-layout-flow\"><p>[toc]<\/p>\n<\/div>\n<\/div>\n\n<div class=\"wp-block-columns is-layout-flex wp-container-core-columns-is-layout-9d6595d7 wp-block-columns-is-layout-flex\">\n<div class=\"wp-block-column is-layout-flow wp-block-column-is-layout-flow\">\n<div class=\"wp-block-group\"><div class=\"wp-block-group__inner-container is-layout-flow wp-block-group-is-layout-flow\">\n<h2 class=\"wp-block-heading\">Presentaci\u00f3 del Pla de Pensions<\/h2>\n\n\n\n<h3 class=\"wp-block-heading\">Presentaci\u00f3<\/h3>\n\n\n\n<p>Com una millora respecte al r\u00e8gim p\u00fablic de previsi\u00f3 social, CaixaBank t\u00e9 constitu\u00eft per a tots els seus empleats un Pla de Pensions. L&#8217;adhesi\u00f3 de l&#8217;empleat al pla \u00e9s autom\u00e0tica i no suposa cap cost per a aquest en ser \u00edntegrament finan\u00e7at per CaixaBank. Aquest pla ofereix un major nivell d&#8217;ingressos futurs a partir de la jubilaci\u00f3 i d\u00f3na cobertura als riscos d&#8217;incapacitat i defunci\u00f3 durant l&#8217;etapa laboral.<\/p>\n\n\n\n<p>A m\u00e9s, a partir de l&#8217;1 de Desembre del 2024 es permetr\u00e0 la realitzaci\u00f3 d&#8217;aportacions volunt\u00e0ries per part dels empleats, la qual cosa els brinda la possibilitat d&#8217;incrementar encara m\u00e9s els seus ingressos futurs.<\/p>\n\n\n\n<h4 class=\"wp-block-heading\">Qu\u00e8 \u00e9s el Pla de Pensions d&#8217;Ocupaci\u00f3 de CaixaBank S.A.?<\/h4>\n\n\n\n<p>\u00c9s un Pla d&#8217;Ocupaci\u00f3 que cobreix les conting\u00e8ncies de jubilaci\u00f3, defunci\u00f3 i incapacitat. Per aquest motiu, la disponibilitat dels seus fons est\u00e0 subjecta al moment en qu\u00e8 es produeix alguna d&#8217;aquestes conting\u00e8ncies. El promotor del Pla \u00e9s CaixaBank i els part\u00edcips s\u00f3n tots els seus empleats. Correspon a la modalitat Mixta: amb una aportaci\u00f3 definida per a la conting\u00e8ncia de jubilaci\u00f3 que s&#8217;acumula en el fons i amb una prestaci\u00f3 definida en les especificacions del Pla, que les podr\u00e0s trobar en CaixaBankNow, per a les conting\u00e8ncies de mort o incapacitat.<\/p>\n\n\n\n<h3 class=\"wp-block-heading\">Informaci\u00f3 General<\/h3>\n\n\n\n<p>El Pla de Pensions est\u00e0 adscrit al fons PENSIONS CAIXA 30, FONS DE PENSIONS, amb N.I.F. V62237201, que figura inscrit en el Registre Administratiu de Fons de Pensions del Ministeri d&#8217;Economia i Hisenda amb el n\u00famero F0711 i en el Registre Mercantil de Barcelona, foli 40, tom 32510, de la secci\u00f3 General, fulla n\u00famero 210840, inscripci\u00f3 1a.<\/p>\n\n\n\n<p><strong>Diposit\u00e0ria: <\/strong>CecaBank S.A., amb domicili social a Madrid (CP-28014), carrer Alcal\u00e1 27.<\/p>\n\n\n\n<p><strong>Gestora:<\/strong> VidaCaixa S.A.U. de Seguros y Reaseguros, con domicilio social en Madrid (CP-28046), Paseo de la Castellana 189, planta 1 y 2.<\/p>\n\n\n\n<p><strong>Asseguradora:<\/strong>VidaCaixa S.A.O. d&#8217;Assegurances i Reassegurances. Pensions Caixa 30 i VidaCaixa s\u00f3n signants dels Principis per a la Inversi\u00f3 Responsable de Nacions Unides (PRI). Pensions Caixa 30 i VidaCaixa s\u00f3n signants dels Principis per a la Inversi\u00f3 Responsable de Nacions Unides (PRI).<\/p>\n\n\n\n<div style=\"height:17px\" aria-hidden=\"true\" class=\"wp-block-spacer\"><\/div>\n\n\n\n<div class=\"wp-block-columns is-layout-flex wp-container-core-columns-is-layout-9d6595d7 wp-block-columns-is-layout-flex\">\n<div class=\"wp-block-column has-vivid-red-color has-text-color is-layout-flow wp-block-column-is-layout-flow\"><\/div>\n\n\n\n<div class=\"wp-block-column is-layout-flow wp-block-column-is-layout-flow\"><\/div>\n\n\n\n<div class=\"wp-block-column has-vivid-red-color has-text-color is-layout-flow wp-block-column-is-layout-flow\">\n<div class=\"wp-block-image\"><figure class=\"aligncenter size-medium is-resized\"><img loading=\"lazy\" decoding=\"async\" src=\"http:\/\/www.fpecaixa.info\/wp-content\/uploads\/2021\/09\/PRI-300x103.png\" alt=\"\" class=\"wp-image-2088\" width=\"150\" height=\"52\" srcset=\"https:\/\/www.fpecaixa.info\/wp-content\/uploads\/2021\/09\/PRI-300x103.png 300w, https:\/\/www.fpecaixa.info\/wp-content\/uploads\/2021\/09\/PRI.png 457w\" sizes=\"auto, (max-width: 150px) 100vw, 150px\" \/><\/figure><\/div>\n<\/div>\n\n\n\n<div class=\"wp-block-column is-layout-flow wp-block-column-is-layout-flow\"><\/div>\n\n\n\n<div class=\"wp-block-column is-layout-flow wp-block-column-is-layout-flow\"><\/div>\n<\/div>\n<\/div><\/div>\n<\/div>\n<\/div>\n\n<div class=\"wp-block-columns is-layout-flex wp-container-core-columns-is-layout-9d6595d7 wp-block-columns-is-layout-flex\">\n<div class=\"wp-block-column is-layout-flow wp-block-column-is-layout-flow\">\n<div class=\"wp-block-group\"><div class=\"wp-block-group__inner-container is-layout-flow wp-block-group-is-layout-flow\">\n<h2 class=\"wp-block-heading\">Informaci\u00f3 Rellevant i Funcionament<\/h2>\n\n\n\n<h3 class=\"wp-block-heading\">R\u00e8gim financer<\/h3>\n\n\n\n<h4 class=\"wp-block-heading\">Sistema financer<\/h4>\n\n\n\n<p>El sistema financer utilitzat per a totes les conting\u00e8ncies consisteix en la capitalitzaci\u00f3 financera individual de les contribucions d&#8217;estalvi que per a cada part\u00edcip realitza el promotor al fons.<\/p>\n\n\n\n<h4 class=\"wp-block-heading\">Contribucions<\/h4>\n\n\n\n<p>Les contribucions a aquest Pla s\u00f3n realitzades pel Promotor en favor dels seus empleats i a m\u00e9s, el Pla de Pensions d&#8217;Ocupaci\u00f3 de CaixaBank permet als part\u00edcips i part\u00edcips en suspens realitzar aportacions volunt\u00e0ries a trav\u00e9s de CaixaBankNow <\/p>\n\n\n\n<p>Si les contribucions realitzades al cap de l&#8217;any arriben a superar el l\u00edmit anual establert per la llei, l&#8217;exc\u00e9s se situa en una p\u00f2lissa complement\u00e0ria. A l&#8217;inici del seg\u00fcent any, en la mesura en qu\u00e8 sigui possible, es traspassen els imports excedits al Pla de Pensions.<\/p>\n\n\n\n<h4 class=\"wp-block-heading\">Contribucions per jubilaci\u00f3<\/h4>\n\n\n\n<p>Per als <strong>part\u00edcips l&#8217;adhesi\u00f3 dels quals al Pla es produeixi a partir de l&#8217;1 de gener de 2022<\/strong> , les aportacions de jubilaci\u00f3 seran d&#8217;un 4,5% sobre el salari pensionable a partir del segon mes de relaci\u00f3 laboral i fins al mes 12, a partir del mes 13 i fins al mes 84, les aportacions de jubilaci\u00f3 seran d&#8217;un 6% sobre el salari pensionable, i igual que es va assenyalar en l&#8217;apartat anterior, sempre que el part\u00edcip mantingui tal condici\u00f3 i fins que compleixi, per primera vegada, l&#8217;edat establerta en la taula continguda en aquest apartat, amb independ\u00e8ncia en tot cas de la normativa aplicable en mat\u00e8ria de jubilaci\u00f3 a cada moment i al marge de la manca de cotitzaci\u00f3 del part\u00edcip. A partir del mes 85, les aportacions de jubilaci\u00f3 seran d&#8217;un 7,5% sobre el salari pensionable. <\/p>\n\n\n\n<h4 class=\"wp-block-heading\">Contribucions per risc (incapacitat permanent\/defunci\u00f3)<\/h4>\n\n\n\n<p>Les contribucions destinades al pagament de la prima anual que cobreix les prestacions d&#8217;incapacitat o defunci\u00f3, en canvi, comencen a tenir efecte a partir de la data d&#8217;inici de la relaci\u00f3 laboral.<\/p>\n\n\n\n<h3 class=\"wp-block-heading\">Prestacions<\/h3>\n\n\n\n<h4 class=\"wp-block-heading\">Per jubilaci\u00f3<\/h4>\n\n\n\n<p>Existeix una \u00e0mplia gamma de possibilitats de cobrament per a la prestaci\u00f3 de jubilaci\u00f3:<\/p>\n\n\n\n<ul class=\"wp-block-list\"><li>En forma de capital<\/li><li>En forma de renda assegurada<\/li><li>En forma de renda financera<\/li><li>Combinant qualsevol de les modalitats anteriors<\/li><\/ul>\n\n\n\n<p>La forma de cobrament del Pla \u00e9s de lliure elecci\u00f3 per part del part\u00edcip.<\/p>\n\n\n\n<p>La quantia de les prestacions per jubilaci\u00f3 del part\u00edcip ser\u00e0 igual als drets consolidats (fons acumulat) que tingui reconeguts pel Pla de Pensions en el moment del cobrament de la prestaci\u00f3.<\/p>\n\n\n\n<h4 class=\"wp-block-heading\">Per risc (incapacitat permanent\/defunci\u00f3)<\/h4>\n\n\n\n<p>La quantia de les prestacions per defunci\u00f3 o incapacitat seran les determinades en les especificacions del Pla de Pensions, calculades sobre la base d&#8217;un determinat nombre d&#8217;anualitats de salari pensionable, que dependran de la conting\u00e8ncia en concret, del col\u00b7lectiu d&#8217;origen, aix\u00ed com de la situaci\u00f3 familiar del part\u00edcip a cada moment.<\/p>\n\n\n\n<p>A partir de l&#8217;1 de gener de 2022, la quantia de les prestacions per defunci\u00f3 o incapacitat per a les persones que inici\u00efn la seva relaci\u00f3 laboral amb el promotor seran les determinades en les especificacions del Pla de Pensions.<\/p>\n\n\n\n<p>\u2022 Incapacitat permanent total.<br\/>\u2022 Incapacitat permanent absoluta.<br\/>\u2022 Gran invalidesa<br\/>\u2022 Defunci\u00f3.<\/p>\n<\/div><\/div>\n<\/div>\n<\/div>\n\n<div class=\"wp-block-columns is-layout-flex wp-container-core-columns-is-layout-9d6595d7 wp-block-columns-is-layout-flex\">\n<div class=\"wp-block-column is-layout-flow wp-block-column-is-layout-flow\">\n<h2 class=\"wp-block-heading\">Fitxa Completa del Pla (DIG)<\/h2>\n\n\n<div class='w3eden'><!-- WPDM Link Template: Default Template -->\n\n<div class=\"w3eden\"><!-- WPDM Link Template: Default Template -->\n\t<div class=\"link-template-default-fpe\">\t   \n\t\t\t<div class=\"media\">\n                <img decoding=\"async\" class=\"wpdm_icon\" alt=\"Icona\" src=\"https:\/\/www.fpecaixa.info\/wp-content\/plugins\/download-manager\/assets\/file-type-icons\/pdf.svg\" \/>\t\t\t\t\n                <div class=\"wpdm_title\">\n                    <a class=\"\" href=\"https:\/\/www.fpecaixa.info\/download\/ficha-completa-del-plan-pc30-2\/?wpdmdl=3660&refresh=69f5be3e119261777712702\" data-type=\"URL\" data-id=\"https:\/\/www.fpecaixa.info\/download\/ficha-completa-del-plan-pc30-2\/?wpdmdl=3660&refresh=69f5be3e119261777712702\" rel=\"noreferrer noopener\">Ficha completa del Plan PC30<\/a>\n                <\/div>\t\t\t\t\n\t\t\t<\/div>\t   \n\t<\/div>\n<\/div><\/div>\n\n\n\n<p><\/p>\n<\/div>\n<\/div>\n","protected":false},"excerpt":{"rendered":"<p>Presentaci\u00f3 del Pla de Pensions Presentaci\u00f3 Com una millora respecte al r\u00e8gim p\u00fablic de previsi\u00f3 social, CaixaBank t\u00e9 constitu\u00eft per a tots els seus empleats un Pla de Pensions. L&#8217;adhesi\u00f3 de l&#8217;empleat al pla \u00e9s autom\u00e0tica i no suposa cap cost per a aquest en ser \u00edntegrament finan\u00e7at per CaixaBank. Aquest pla ofereix un major [&hellip;]<\/p>\n","protected":false},"author":1,"featured_media":0,"parent":2075,"menu_order":0,"comment_status":"closed","ping_status":"closed","template":"","meta":{"_acf_changed":false,"_monsterinsights_skip_tracking":false,"_monsterinsights_sitenote_active":false,"_monsterinsights_sitenote_note":"","_monsterinsights_sitenote_category":0,"footnotes":""},"class_list":["post-2086","page","type-page","status-publish","hentry"],"acf":[],"yoast_head":"<!-- This site is optimized with the Yoast SEO plugin v27.5 - https:\/\/yoast.com\/product\/yoast-seo-wordpress\/ -->\n<title>Coneix el teu Pla - Plan de Pensiones de Empleo (PC30)<\/title>\n<meta name=\"robots\" content=\"index, follow, max-snippet:-1, max-image-preview:large, max-video-preview:-1\" \/>\n<link rel=\"canonical\" href=\"https:\/\/www.fpecaixa.info\/ca\/participi-i-beneficiari\/coneix-el-teu-pla\/\" \/>\n<meta property=\"og:locale\" content=\"ca_ES\" \/>\n<meta property=\"og:type\" content=\"article\" \/>\n<meta property=\"og:title\" content=\"Coneix el teu Pla - Plan de Pensiones de Empleo (PC30)\" \/>\n<meta property=\"og:description\" content=\"Presentaci\u00f3 del Pla de Pensions Presentaci\u00f3 Com una millora respecte al r\u00e8gim p\u00fablic de previsi\u00f3 social, CaixaBank t\u00e9 constitu\u00eft per a tots els seus empleats un Pla de Pensions. L&#8217;adhesi\u00f3 de l&#8217;empleat al pla \u00e9s autom\u00e0tica i no suposa cap cost per a aquest en ser \u00edntegrament finan\u00e7at per CaixaBank. Aquest pla ofereix un major [&hellip;]\" \/>\n<meta property=\"og:url\" content=\"https:\/\/www.fpecaixa.info\/ca\/participi-i-beneficiari\/coneix-el-teu-pla\/\" \/>\n<meta property=\"og:site_name\" content=\"Plan de Pensiones de Empleo (PC30)\" \/>\n<meta property=\"article:modified_time\" content=\"2024-09-30T11:25:54+00:00\" \/>\n<meta property=\"og:image\" content=\"http:\/\/www.fpecaixa.info\/wp-content\/uploads\/2021\/09\/PRI-300x103.png\" \/>\n<meta name=\"twitter:card\" content=\"summary_large_image\" \/>\n<meta name=\"twitter:label1\" content=\"Temps estimat de lectura\" \/>\n\t<meta name=\"twitter:data1\" content=\"4 minuts\" \/>\n<script type=\"application\/ld+json\" class=\"yoast-schema-graph\">{\"@context\":\"https:\\\/\\\/schema.org\",\"@graph\":[{\"@type\":\"WebPage\",\"@id\":\"https:\\\/\\\/www.fpecaixa.info\\\/ca\\\/participi-i-beneficiari\\\/coneix-el-teu-pla\\\/\",\"url\":\"https:\\\/\\\/www.fpecaixa.info\\\/ca\\\/participi-i-beneficiari\\\/coneix-el-teu-pla\\\/\",\"name\":\"Coneix el teu Pla - Plan de Pensiones de Empleo (PC30)\",\"isPartOf\":{\"@id\":\"https:\\\/\\\/www.fpecaixa.info\\\/#website\"},\"primaryImageOfPage\":{\"@id\":\"https:\\\/\\\/www.fpecaixa.info\\\/ca\\\/participi-i-beneficiari\\\/coneix-el-teu-pla\\\/#primaryimage\"},\"image\":{\"@id\":\"https:\\\/\\\/www.fpecaixa.info\\\/ca\\\/participi-i-beneficiari\\\/coneix-el-teu-pla\\\/#primaryimage\"},\"thumbnailUrl\":\"http:\\\/\\\/www.fpecaixa.info\\\/wp-content\\\/uploads\\\/2021\\\/09\\\/PRI-300x103.png\",\"datePublished\":\"2021-08-27T10:44:57+00:00\",\"dateModified\":\"2024-09-30T11:25:54+00:00\",\"breadcrumb\":{\"@id\":\"https:\\\/\\\/www.fpecaixa.info\\\/ca\\\/participi-i-beneficiari\\\/coneix-el-teu-pla\\\/#breadcrumb\"},\"inLanguage\":\"ca\",\"potentialAction\":[{\"@type\":\"ReadAction\",\"target\":[\"https:\\\/\\\/www.fpecaixa.info\\\/ca\\\/participi-i-beneficiari\\\/coneix-el-teu-pla\\\/\"]}]},{\"@type\":\"ImageObject\",\"inLanguage\":\"ca\",\"@id\":\"https:\\\/\\\/www.fpecaixa.info\\\/ca\\\/participi-i-beneficiari\\\/coneix-el-teu-pla\\\/#primaryimage\",\"url\":\"http:\\\/\\\/www.fpecaixa.info\\\/wp-content\\\/uploads\\\/2021\\\/09\\\/PRI-300x103.png\",\"contentUrl\":\"http:\\\/\\\/www.fpecaixa.info\\\/wp-content\\\/uploads\\\/2021\\\/09\\\/PRI-300x103.png\"},{\"@type\":\"BreadcrumbList\",\"@id\":\"https:\\\/\\\/www.fpecaixa.info\\\/ca\\\/participi-i-beneficiari\\\/coneix-el-teu-pla\\\/#breadcrumb\",\"itemListElement\":[{\"@type\":\"ListItem\",\"position\":1,\"name\":\"Inici\",\"item\":\"https:\\\/\\\/www.fpecaixa.info\\\/ca\\\/\"},{\"@type\":\"ListItem\",\"position\":2,\"name\":\"Part\u00edcip i Beneficiari\",\"item\":\"https:\\\/\\\/www.fpecaixa.info\\\/ca\\\/participi-i-beneficiari\\\/\"},{\"@type\":\"ListItem\",\"position\":3,\"name\":\"Coneix el teu Pla\"}]},{\"@type\":\"WebSite\",\"@id\":\"https:\\\/\\\/www.fpecaixa.info\\\/#website\",\"url\":\"https:\\\/\\\/www.fpecaixa.info\\\/\",\"name\":\"Plan de Pensiones de Empleo (PC30)\",\"description\":\"Web informativa para el Plan de Pensiones de Empleo (PC30) de trabajadores de Caixabank\",\"potentialAction\":[{\"@type\":\"SearchAction\",\"target\":{\"@type\":\"EntryPoint\",\"urlTemplate\":\"https:\\\/\\\/www.fpecaixa.info\\\/?s={search_term_string}\"},\"query-input\":{\"@type\":\"PropertyValueSpecification\",\"valueRequired\":true,\"valueName\":\"search_term_string\"}}],\"inLanguage\":\"ca\"}]}<\/script>\n<!-- \/ Yoast SEO plugin. -->","yoast_head_json":{"title":"Coneix el teu Pla - Plan de Pensiones de Empleo (PC30)","robots":{"index":"index","follow":"follow","max-snippet":"max-snippet:-1","max-image-preview":"max-image-preview:large","max-video-preview":"max-video-preview:-1"},"canonical":"https:\/\/www.fpecaixa.info\/ca\/participi-i-beneficiari\/coneix-el-teu-pla\/","og_locale":"ca_ES","og_type":"article","og_title":"Coneix el teu Pla - Plan de Pensiones de Empleo (PC30)","og_description":"Presentaci\u00f3 del Pla de Pensions Presentaci\u00f3 Com una millora respecte al r\u00e8gim p\u00fablic de previsi\u00f3 social, CaixaBank t\u00e9 constitu\u00eft per a tots els seus empleats un Pla de Pensions. L&#8217;adhesi\u00f3 de l&#8217;empleat al pla \u00e9s autom\u00e0tica i no suposa cap cost per a aquest en ser \u00edntegrament finan\u00e7at per CaixaBank. Aquest pla ofereix un major [&hellip;]","og_url":"https:\/\/www.fpecaixa.info\/ca\/participi-i-beneficiari\/coneix-el-teu-pla\/","og_site_name":"Plan de Pensiones de Empleo (PC30)","article_modified_time":"2024-09-30T11:25:54+00:00","og_image":[{"url":"http:\/\/www.fpecaixa.info\/wp-content\/uploads\/2021\/09\/PRI-300x103.png","type":"","width":"","height":""}],"twitter_card":"summary_large_image","twitter_misc":{"Temps estimat de lectura":"4 minuts"},"schema":{"@context":"https:\/\/schema.org","@graph":[{"@type":"WebPage","@id":"https:\/\/www.fpecaixa.info\/ca\/participi-i-beneficiari\/coneix-el-teu-pla\/","url":"https:\/\/www.fpecaixa.info\/ca\/participi-i-beneficiari\/coneix-el-teu-pla\/","name":"Coneix el teu Pla - Plan de Pensiones de Empleo (PC30)","isPartOf":{"@id":"https:\/\/www.fpecaixa.info\/#website"},"primaryImageOfPage":{"@id":"https:\/\/www.fpecaixa.info\/ca\/participi-i-beneficiari\/coneix-el-teu-pla\/#primaryimage"},"image":{"@id":"https:\/\/www.fpecaixa.info\/ca\/participi-i-beneficiari\/coneix-el-teu-pla\/#primaryimage"},"thumbnailUrl":"http:\/\/www.fpecaixa.info\/wp-content\/uploads\/2021\/09\/PRI-300x103.png","datePublished":"2021-08-27T10:44:57+00:00","dateModified":"2024-09-30T11:25:54+00:00","breadcrumb":{"@id":"https:\/\/www.fpecaixa.info\/ca\/participi-i-beneficiari\/coneix-el-teu-pla\/#breadcrumb"},"inLanguage":"ca","potentialAction":[{"@type":"ReadAction","target":["https:\/\/www.fpecaixa.info\/ca\/participi-i-beneficiari\/coneix-el-teu-pla\/"]}]},{"@type":"ImageObject","inLanguage":"ca","@id":"https:\/\/www.fpecaixa.info\/ca\/participi-i-beneficiari\/coneix-el-teu-pla\/#primaryimage","url":"http:\/\/www.fpecaixa.info\/wp-content\/uploads\/2021\/09\/PRI-300x103.png","contentUrl":"http:\/\/www.fpecaixa.info\/wp-content\/uploads\/2021\/09\/PRI-300x103.png"},{"@type":"BreadcrumbList","@id":"https:\/\/www.fpecaixa.info\/ca\/participi-i-beneficiari\/coneix-el-teu-pla\/#breadcrumb","itemListElement":[{"@type":"ListItem","position":1,"name":"Inici","item":"https:\/\/www.fpecaixa.info\/ca\/"},{"@type":"ListItem","position":2,"name":"Part\u00edcip i Beneficiari","item":"https:\/\/www.fpecaixa.info\/ca\/participi-i-beneficiari\/"},{"@type":"ListItem","position":3,"name":"Coneix el teu Pla"}]},{"@type":"WebSite","@id":"https:\/\/www.fpecaixa.info\/#website","url":"https:\/\/www.fpecaixa.info\/","name":"Plan de Pensiones de Empleo (PC30)","description":"Web informativa para el Plan de Pensiones de Empleo (PC30) de trabajadores de Caixabank","potentialAction":[{"@type":"SearchAction","target":{"@type":"EntryPoint","urlTemplate":"https:\/\/www.fpecaixa.info\/?s={search_term_string}"},"query-input":{"@type":"PropertyValueSpecification","valueRequired":true,"valueName":"search_term_string"}}],"inLanguage":"ca"}]}},"_links":{"self":[{"href":"https:\/\/www.fpecaixa.info\/ca\/wp-json\/wp\/v2\/pages\/2086","targetHints":{"allow":["GET"]}}],"collection":[{"href":"https:\/\/www.fpecaixa.info\/ca\/wp-json\/wp\/v2\/pages"}],"about":[{"href":"https:\/\/www.fpecaixa.info\/ca\/wp-json\/wp\/v2\/types\/page"}],"author":[{"embeddable":true,"href":"https:\/\/www.fpecaixa.info\/ca\/wp-json\/wp\/v2\/users\/1"}],"replies":[{"embeddable":true,"href":"https:\/\/www.fpecaixa.info\/ca\/wp-json\/wp\/v2\/comments?post=2086"}],"version-history":[{"count":32,"href":"https:\/\/www.fpecaixa.info\/ca\/wp-json\/wp\/v2\/pages\/2086\/revisions"}],"predecessor-version":[{"id":5383,"href":"https:\/\/www.fpecaixa.info\/ca\/wp-json\/wp\/v2\/pages\/2086\/revisions\/5383"}],"up":[{"embeddable":true,"href":"https:\/\/www.fpecaixa.info\/ca\/wp-json\/wp\/v2\/pages\/2075"}],"wp:attachment":[{"href":"https:\/\/www.fpecaixa.info\/ca\/wp-json\/wp\/v2\/media?parent=2086"}],"curies":[{"name":"wp","href":"https:\/\/api.w.org\/{rel}","templated":true}]}}