{"id":2107,"date":"2021-08-30T08:34:12","date_gmt":"2021-08-30T08:34:12","guid":{"rendered":"http:\/\/www.fpecaixa.info\/participi-i-beneficiari\/estic-estalviant\/"},"modified":"2024-10-23T15:11:50","modified_gmt":"2024-10-23T15:11:50","slug":"estic-estalviant","status":"publish","type":"page","link":"https:\/\/www.fpecaixa.info\/ca\/participi-i-beneficiari\/estic-estalviant\/","title":{"rendered":"Estic estalviant"},"content":{"rendered":"\n<div class=\"wp-block-columns is-layout-flex wp-container-core-columns-is-layout-9d6595d7 wp-block-columns-is-layout-flex\">\n<div class=\"wp-block-column is-layout-flow wp-block-column-is-layout-flow\">\n<p><em>La jubilaci\u00f3 \u00e9s, cada vegada m\u00e9s, una de les fites vitals m\u00e9s importants des del punt de vista financer. El retir \u00e9s cada vegada un per\u00edode m\u00e9s llarg i, al mateix temps, una etapa de la vida a la qual cada vegada li exigim m\u00e9s: viatjar, gaudir de la fam\u00edlia, dur a terme aficions i altres q\u00fcestions que, \u00f2bviament, tenen un cost. La bona not\u00edcia \u00e9s que cada vegada hi ha m\u00e9s consci\u00e8ncia i m\u00e9s acci\u00f3 de preparar la jubilaci\u00f3. En aquesta secci\u00f3 volem donar-te llum sobre les q\u00fcestions m\u00e9s rellevants per a estalviar i preparar adequadament el teu futur.<\/em><\/p>\n<\/div>\n<\/div>\n\n<div class=\"wp-block-columns is-layout-flex wp-container-core-columns-is-layout-9d6595d7 wp-block-columns-is-layout-flex\">\n<div class=\"wp-block-column is-layout-flow wp-block-column-is-layout-flow\"><p>[toc]<\/p>\n<\/div>\n<\/div>\n\n<div class=\"wp-block-columns is-layout-flex wp-container-core-columns-is-layout-9d6595d7 wp-block-columns-is-layout-flex\">\n<div class=\"wp-block-column is-layout-flow wp-block-column-is-layout-flow\">\n<h2 class=\"wp-block-heading\" id=\"aportaciones-planes-pensiones\">Aportacions plans pensions<\/h2>\n\n\n\n<h3 class=\"wp-block-heading\" id=\"limite-de-aportaciones-que-se-pueden-realizar-a-planes-de-pensiones\">L\u00edmit d&#8217;aportacions que es poden realitzar a plans de pensions<\/h3>\n\n\n\n<p>Les aportacions a plans de pensions individuals i associats estan limitades a un m\u00e0xim de 1.500 euros anuals, que aplica de manera conjunta, per la qual cosa si tens diversos plans, el m\u00e0xim anual que podr\u00e0s aportar com a suma de les aportacions a tots ells s\u00f3n aquests 1.500\u20ac euros.<\/p>\n\n\n\n<p>En el cas de plans de pensions d&#8217;ocupaci\u00f3, existeix un l\u00edmit conjunt m\u00e0xim de 10.000 euros anuals. El promotor podria aportar el total de 10.000 euros si el part\u00edcip no realitz\u00e9s cap aportaci\u00f3.<\/p>\n\n\n\n<p>Els part\u00edcips i participis en suspens podran realitzar aportacions volunt\u00e0ries al Pla de Pensions d&#8217;Ocupaci\u00f3 de CaixaBank. Aquestes aportacions estan pensades per a oferir-te m\u00e9s flexibilitat i opcions per a assegurar el teu futur financer. <\/p>\n\n\n\n<p>Aquestes aportacions volunt\u00e0ries han de complir amb els l\u00edmits legals establerts en la normativa vigent. El l\u00edmit d&#8217;aportacions a Plans de Pensions de 1.500 euros a l&#8217;any pot incrementar-se en altres 8.500 euros anuals en aportacions realitzades per l&#8217;empresa o pel treballador a un Pla de Pensions d&#8217;Ocupaci\u00f3, sent el l\u00edmit global de 10.000 euros anuals. <\/p>\n\n\n\n<p>Els part\u00edcips poden realitzar aportacions volunt\u00e0ries en el Pla de Pensions d&#8217;Ocupaci\u00f3 a trav\u00e9s de CaixaBankNow per un import que excedeixi el l\u00edmit establert de 1.500 euros. No obstant aix\u00f2, l&#8217;import m\u00e0xim de les aportacions dependr\u00e0 de l&#8217;aportaci\u00f3 realitzada pel promotor i dels rendiments \u00edntegres del treball de cada part\u00edcip, segons el que s&#8217;estableix per la normativa vigent detallat en la seg\u00fcent taula: <\/p>\n\n\n\n<figure class=\"wp-block-image size-large\"><img loading=\"lazy\" decoding=\"async\" width=\"1024\" height=\"407\" src=\"http:\/\/www.fpecaixa.info\/wp-content\/uploads\/2024\/09\/Aportacions-Vol.-1024x407.jpg\" alt=\"\" class=\"wp-image-5390\" srcset=\"https:\/\/www.fpecaixa.info\/wp-content\/uploads\/2024\/09\/Aportacions-Vol.-1024x407.jpg 1024w, https:\/\/www.fpecaixa.info\/wp-content\/uploads\/2024\/09\/Aportacions-Vol.-300x119.jpg 300w, https:\/\/www.fpecaixa.info\/wp-content\/uploads\/2024\/09\/Aportacions-Vol.-768x305.jpg 768w, https:\/\/www.fpecaixa.info\/wp-content\/uploads\/2024\/09\/Aportacions-Vol.-1536x610.jpg 1536w, https:\/\/www.fpecaixa.info\/wp-content\/uploads\/2024\/09\/Aportacions-Vol..jpg 1616w\" sizes=\"auto, (max-width: 1024px) 100vw, 1024px\" \/><\/figure>\n\n\n\n<p>\u2022 Les aportacions anuals de risc (la prima que paga el promotor per a les cobertures de defunci\u00f3 i incapacitat) computen dins del l\u00edmit global de 10.000 euros establert per la normativa vigent.<\/p>\n\n\n\n<p>Si les aportacions del promotor superen el l\u00edmit anual de 10.000 euros, l&#8217;exc\u00e9s d&#8217;aportacions sobre aquesta quantitat s&#8217;incorporar\u00e0 en la p\u00f2lissa d&#8217;excessos del Pla. Cada any es duu a terme la mobilitzaci\u00f3 del saldo de la p\u00f2lissa d&#8217;excessos al Pla de Pensions, sense poder superar en el seu conjunt (import traspassat + aportacions) el l\u00edmit fiscal dels 10.000 euros. <\/p>\n\n\n\n<p>En el cas de part\u00edcips amb un cert grau de discapacitat f\u00edsica (igual o superior al 65%) o ps\u00edquica (igual o superior al 33%), podran aportar fins a 24.450 euros anuals.<\/p>\n\n\n\n<p>Tamb\u00e9 \u00e9s possible fer aportacions en favor del c\u00f2njuge, sempre que aquest tingui rendiments del treball inferiors a 8.000 euros anuals, per un import m\u00e0xim de 1.000 euros anuals.<\/p>\n\n\n\n<p><em>Residents fiscals a Pa\u00eds Basc:<\/em><\/p>\n\n\n\n<ul class=\"wp-block-list\"><li>Poden aportar fins a un m\u00e0xim de 5.000 \u20ac a l\u2019any a EPSV individuals o plans de pensions individuals. En el cas que l&#8217;ocupador aporti a un pla d&#8217;EPSV o de pensions d&#8217;ocupaci\u00f3, l&#8217;aportaci\u00f3 m\u00e0xima conjunta \u00e9s de 12 mil euros anuals incloent plans d&#8217;ocupaci\u00f3 i individuals.<\/li><li>L&#8217;aportaci\u00f3 m\u00e0xima en favor del c\u00f2njuge \u00e9s de 2.400 euros anuals.<\/li><\/ul>\n\n\n\n<p>Residents fiscals a Navarra:<\/p>\n\n\n\n<ul class=\"wp-block-list\"><li>Els menors de 50 anys podran aportar un m\u00e0xim de 2.000 euros anuals, mentre que els majors de 50 anys podran aportar fins a 5.000 euros anuals.<\/li><li>El l\u00edmit d&#8217;aportaci\u00f3 al c\u00f2njuge \u00e9s de 2 mil euros si la seva base imposable general \u00e9s inferior a 8.500\u20ac.<\/li><\/ul>\n<\/div>\n<\/div>\n\n<div class=\"wp-block-columns is-layout-flex wp-container-core-columns-is-layout-9d6595d7 wp-block-columns-is-layout-flex\">\n<div class=\"wp-block-column is-layout-flow wp-block-column-is-layout-flow\">\n<div class=\"wp-block-group\"><div class=\"wp-block-group__inner-container is-layout-flow wp-block-group-is-layout-flow\">\n<h2 class=\"wp-block-heading\" id=\"fiscalidad-planes-pensiones\">Fiscalitat Plans Pensions<\/h2>\n\n\n\n<h3 class=\"wp-block-heading\" id=\"la-fiscalidad-de-las-aportaciones-a-planes-de-pensiones\">La fiscalitat de les aportacions a plans de pensions<\/h3>\n\n\n\n<p>Les aportacions a plans de pensions s\u00f3n dedu\u00efbles en la declaraci\u00f3 de la renda, minorant la base imposable. El l\u00edmit de deducci\u00f3 ser\u00e0 la menor de les seg\u00fcents quantitats: El l\u00edmit de deducci\u00f3 ser\u00e0 la menor de les seg\u00fcents quantitats:<\/p>\n\n\n\n<ul class=\"wp-block-list\"><li>1.500 euros (fins a 10.000 euros si hi ha contribucions empresarials)<\/li><li>El 30% dels rendiments nets del treball.<\/li><\/ul>\n\n\n\n<p>En el cas d&#8217;haver realitzat aportacions que no s\u00f3n dedu\u00efbles (per haver excedit el l\u00edmit) en IRPF, l&#8217;exc\u00e9s pot traslladar-se als cinc exercicis fiscals seg\u00fcents.<\/p>\n\n\n\n<p><em>Residents fiscals a Pa\u00eds Basc:<\/em><\/p>\n\n\n\n<p>Podran deduir-se fins a un m\u00e0xim de 12.000 euros anuals (5.000 euros anuals en el cas de sistemes individuals, fins a 12.000 euros per contribucions empresarials).<\/p>\n\n\n\n<p><em>Residents fiscals a Navarra:<\/em><\/p>\n\n\n\n<ul class=\"wp-block-list\"><li>Menors de 50 anys: aportaci\u00f3 dedu\u00efble m\u00e0xima anual de 2.000\u20ac o el 30% dels teus rendiments del treball i activitats econ\u00f2miques (la menor d&#8217;aquestes quantitats).<\/li><li>Majors de 50 anys: aportaci\u00f3 dedu\u00efble m\u00e0xima anual de 5.000\u20ac o el 50% dels teus rendiments del treball i activitats econ\u00f2miques (la menor d&#8217;aquestes quantitats).<\/li><\/ul>\n<\/div><\/div>\n<\/div>\n<\/div>\n\n<div class=\"wp-block-columns is-layout-flex wp-container-core-columns-is-layout-9d6595d7 wp-block-columns-is-layout-flex\">\n<div class=\"wp-block-column is-layout-flow wp-block-column-is-layout-flow\">\n<div class=\"wp-block-group\"><div class=\"wp-block-group__inner-container is-layout-flow wp-block-group-is-layout-flow\">\n<h2 class=\"wp-block-heading\" id=\"rescate-planes-pensiones\">Rescati Plans Pensions<\/h2>\n\n\n\n<h3 class=\"wp-block-heading\" id=\"situaciones-que-permiten-el-rescate-del-plan-de-pensiones\">Situacions que permeten el rescat del pla de pensions<\/h3>\n\n\n\n<p>El pla de pensions \u00e9s un instrument d&#8217;estalvi previsional que es constitueix per a generar un estalvi per a la jubilaci\u00f3. No obstant aix\u00f2, existeixen altres sup\u00f2sits que permeten el cobrament del mateix abans que es produeixi la jubilaci\u00f3 del part\u00edcip. El Reglament de Plans i Fons de Pensions contempla quatre conting\u00e8ncies i dos sup\u00f2sits excepcionals de liquiditat: No obstant aix\u00f2, existeixen altres sup\u00f2sits que permeten el cobrament del mateix abans que es produeixi la jubilaci\u00f3 del part\u00edcip. El Reglament de Plans i Fons de Pensions contempla quatre conting\u00e8ncies i dos sup\u00f2sits excepcionals de liquiditat:<\/p>\n\n\n\n<p><em>Contingencias<\/em><strong>:<\/strong><\/p>\n\n\n\n<ul class=\"wp-block-list\"><li><strong>Jubilaci\u00f3 davant la Seguritat Social<\/strong>, ja sigui ordin\u00e0ria, anticipada o diferida: Si no tens dret a accedir a la jubilaci\u00f3 s&#8217;ent\u00e9n que podr\u00e0s sol\u00b7licitar-la en complir els 65 anys d&#8217;edat, sempre que no exerceixis o hagis cessat en l&#8217;activitat laboral o professional, i no estiguis cotitzant per a la conting\u00e8ncia de jubilaci\u00f3 en cap r\u00e8gim de la Seguretat Social. Addicionalment, si les especificacions del pla de pensions el preveuen, podr\u00e0s anticipar-se la percepci\u00f3 de la prestaci\u00f3 corresponent a jubilaci\u00f3 a partir dels 60 anys d&#8217;edat.<\/li><\/ul>\n\n\n\n<ul class=\"wp-block-list\"><li>Situaci\u00f3 <strong>d&#8217;Incapacitat permanent total, absoluta o gran invalidesa<\/strong>, reconegudes per la Seguretat Social.<\/li><li><strong>Fallecimiento<\/strong>. En aquest cas la prestaci\u00f3 es dirigeix a beneficiaris designats pel part\u00edcip o aquells reconeguts en el Reglament del pla.<\/li><li>Situaci\u00f3 de <strong>depend\u00e8ncia severa o gran depend\u00e8ncia<\/strong>, segons el recollit en la Llei 39\/2006, de 14 de desembre, de Promoci\u00f3 de l&#8217;Autonomia Personal i Atenci\u00f3 a les persones en situaci\u00f3 de depend\u00e8ncia.<\/li><\/ul>\n\n\n\n<p><em>Sup\u00f2sits excepcionals de liquiditat:<\/em><\/p>\n\n\n\n<ul class=\"wp-block-list\"><li>Trobar-se en situaci\u00f3 <strong>de desocupaci\u00f3 de llarga durada<\/strong>, que implica no tenir dret a les prestacions per desocupaci\u00f3 en el seu nivell contributiu o haver-les esgotat, i a m\u00e9s estar inscrit com a demandant d&#8217;ocupaci\u00f3.<\/li><li>Veure&#8217;s afectat per una <strong>malaltia greu<\/strong>, o b\u00e9 el seu c\u00f2njuge, o algun dels ascendents o descendents d&#8217;aquells en primer grau o persona que, en r\u00e8gim de tutela o acolliment, convisqui amb el part\u00edcip o d&#8217;ell depengui.<\/li><\/ul>\n\n\n\n<p><\/p>\n<\/div><\/div>\n<\/div>\n<\/div>\n\n<div class=\"wp-block-columns is-layout-flex wp-container-core-columns-is-layout-9d6595d7 wp-block-columns-is-layout-flex\">\n<div class=\"wp-block-column is-layout-flow wp-block-column-is-layout-flow\">\n<div class=\"wp-block-group\"><div class=\"wp-block-group__inner-container is-layout-flow wp-block-group-is-layout-flow\">\n<h2 class=\"wp-block-heading\" id=\"beneficiarios-planes-pensiones\">Beneficiaris Plans Pensions<\/h2>\n\n\n\n<h3 class=\"wp-block-heading\" id=\"designacion-de-beneficiarios-de-planes-de-pensiones\">Designaci\u00f3 de beneficiaris de Plans de Pensions<\/h3>\n\n\n\n<p>En cas de defunci\u00f3, el pla de pensions no forma part de la massa heredit\u00e0ria. Els beneficiaris tributaran com a rendiments del treball en el moment que decideixin rescatar els seus drets, que pot ser en qualsevol moment posterior a la defunci\u00f3 sense l\u00edmit de temps. Per\u00f2, qui s\u00f3n els beneficiaris d&#8217;aquests drets? Poden donar-se dos casos:<\/p>\n\n\n\n<ul class=\"wp-block-list\"><li>Si el part\u00edcip ha designat beneficiaris mitjan\u00e7ant designaci\u00f3 expressa, aquelles persones designades seran els beneficiaris dels drets. <\/li><li>Si no hi ha beneficiaris expressament designats, caldr\u00e0 acudir al que es disposa en les especificacions del pla. Normalment el que recullen les especificacions coincideix amb la figura de l&#8217;hereu legal, \u00e9s a dir, fills i c\u00f2njuge.<\/li><\/ul>\n\n\n\n<p>Designar beneficiaris \u00e9s molt senzill, nom\u00e9s cal connectar-se a CaixaBankNow a l&#8217;apartat d&#8217;estalvi i inversi\u00f3, als meus productes per a la jubilaci\u00f3 ia les opcions del pla, gesti\u00f3 de beneficiaris. A m\u00e9s, \u00e9s possible revocar la designaci\u00f3 o realitzar una nova, prevalent sempre l&#8217;\u00faltima presentada. \u00c9s possible tamb\u00e9 assignar diferents percentatges a rebre per a cadascun dels beneficiaris.<\/p>\n<\/div><\/div>\n<\/div>\n<\/div>\n\n<div class=\"wp-block-columns is-layout-flex wp-container-core-columns-is-layout-9d6595d7 wp-block-columns-is-layout-flex\">\n<div class=\"wp-block-column is-layout-flow wp-block-column-is-layout-flow\">\n<div class=\"wp-block-group\"><div class=\"wp-block-group__inner-container is-layout-flow wp-block-group-is-layout-flow\">\n<h2 class=\"wp-block-heading\" id=\"la-futura-jubilacion\">La futura jubilaci\u00f3<\/h2>\n\n\n\n<h3 class=\"wp-block-heading\" id=\"mi-futura-jubilacion-que-me-voy-a-encontrar\">La meva futura jubilaci\u00f3: qu\u00e8 em trobar\u00e9<\/h3>\n\n\n\n<p>Espanya compta amb un sistema p\u00fablic de pensions de repartiment, en el qual les pensions d&#8217;una generaci\u00f3 de jubilats es financen amb les cotitzacions dels treballadors en actiu en aquest moment. Aix\u00f2 es coneix com el primer pilar de la previsi\u00f3. Hist\u00f2ricament, la pensi\u00f3 p\u00fablica ha tingut un pes preponderant en els ingressos dels jubilats, perqu\u00e8 en comparaci\u00f3 a pa\u00efsos del nostre entorn, la taxa de cobertura \u00e9s elevada. Actualment, per a un salari mitj\u00e0, la taxa de substituci\u00f3 de la pensi\u00f3 p\u00fablica \u00e9s superior al 75%. Qu\u00e8 vol dir aix\u00f2? Que la quantia de la pensi\u00f3 aconsegueix el 75% de l&#8217;\u00faltim salari. La previsi\u00f3 privada, el segon pilar (previsi\u00f3 empresarial) i el tercer pilar (previsi\u00f3 individual), proveeixen els ingressos complementaris a la pensi\u00f3 p\u00fablica per a poder mantenir el nivell de vida desitjat en la jubilaci\u00f3.<\/p>\n\n\n\n<p>I qu\u00e8 esperar a llarg termini? Amb tota probabilitat, el sistema de pensions ser\u00e0 objecte de futures reformes per a adaptar-lo als reptes als quals s&#8217;enfronta, principalment de car\u00e0cter demogr\u00e0fic. No obstant aix\u00f2, i malgrat les reformes que puguin venir, sembla que hi ha consens entre els principals organismes nacionals i internacionals en qu\u00e8 les pensions del futur seran menys generoses, convergint la taxa de substituci\u00f3 a la dels pa\u00efsos del nostre entorn. \u00c9s aix\u00f2 un problema per als futurs jubilats? No t\u00e9 per qu\u00e8 ser-ho si es planifica b\u00e9 la jubilaci\u00f3 i es compr\u00e8n que la previsi\u00f3 complement\u00e0ria haur\u00e0 d&#8217;assumir un pes superior entre les rendes de les quals disposar en la jubilaci\u00f3. Estalviar per a la jubilaci\u00f3 ser\u00e0 la veritable manera d&#8217;assegurar-se un retir a l&#8217;altura de les expectatives de cadascun.<\/p>\n<\/div><\/div>\n<\/div>\n<\/div>\n\n<div class=\"wp-block-columns is-layout-flex wp-container-core-columns-is-layout-9d6595d7 wp-block-columns-is-layout-flex\">\n<div class=\"wp-block-column is-layout-flow wp-block-column-is-layout-flow\">\n<div class=\"wp-block-group\"><div class=\"wp-block-group__inner-container is-layout-flow wp-block-group-is-layout-flow\">\n<h2 class=\"wp-block-heading\" id=\"planificando-la-jubilacion\">Planificant la jubilaci\u00f3<\/h2>\n\n\n\n<h3 class=\"wp-block-heading\" id=\"como-planificar-adecuadamente-la-jubilacion\">Com planificar adequadament la jubilaci\u00f3<\/h3>\n\n\n\n<p>La longevitat \u00e9s una de les claus per a entendre la import\u00e0ncia de planificar la jubilaci\u00f3. Vegem-ho en perspectiva. La generaci\u00f3 dels nostres avis, no tant de temps enrere, es jubilava als 65 anys i tenia un per\u00edode per davant d&#8217;aproximadament 10 anys. Tot aix\u00f2 amb carreres laborals llargues i pensions suficients per a una mentalitat de \u201cjubilaci\u00f3 tranquil\u00b7la\u201d.<\/p>\n\n\n\n<p>Actualment, l&#8217;edat de jubilaci\u00f3 a penes s&#8217;ha mogut, per\u00f2 l&#8217;esperan\u00e7a de vida ronda els 83 anys. I, a mitjan segle, s&#8217;acostar\u00e0 als 90. Estem parlant de per\u00edodes de jubilaci\u00f3 superiors als 20 anys, \u00e9s a dir, gaireb\u00e9 la quarta part de la vida d&#8217;una persona. Aix\u00f2, efectivament, requereix una bona planificaci\u00f3. Aqu\u00ed uns consells sobre com planificar la jubilaci\u00f3 pas a pas:<\/p>\n\n\n\n<ul class=\"wp-block-list\"><li><strong>Entendre qu\u00e8 ofereix el futur<\/strong>: Per a aix\u00f2 \u00e9s important partir d&#8217;una estimaci\u00f3, a trav\u00e9s d&#8217;algun dels simuladors disponibles, entre ells el de la Seguretat Social, de quin ser\u00e0 la futura pensi\u00f3 de jubilaci\u00f3.<\/li><\/ul>\n\n\n\n<ul class=\"wp-block-list\"><li><strong>Determinar quant has d&#8217;estalviar<\/strong>: Quina capital cal acumular en la jubilaci\u00f3 per a transformar-ho en rendes mensuals que permetin complementar la pensi\u00f3 p\u00fablica fins al nivell d&#8217;ingressos necessari que exigeix l&#8217;estil de vida que vulguem portar.<\/li><li><strong>Establir una estrat\u00e8gia d&#8217;inversi\u00f3<\/strong>: Sobretot, comen\u00e7ar a estalviar al m\u00e9s aviat possible. El temps \u00e9s un aliat en aquest sentit, perqu\u00e8 permet afrontar imprevistos i aconseguir l&#8217;objectiu amb un esfor\u00e7 m\u00e9s gradual. Establir una estrat\u00e8gia d&#8217;estalvi peri\u00f2dic i constant aprofitant tots els instruments al nostre abast, sobretot la previsi\u00f3 que ens posa a disposici\u00f3 la nostra empresa si \u00e9s el cas. I manejar el risc de la inversi\u00f3 ajustant-lo al cicle de vida: m\u00e9s risc com m\u00e9s lluny est\u00e0 la jubilaci\u00f3.<\/li><li><strong>Ponerse en marcha<\/strong>: ser constante, no perder el foco del largo plazo y revisar la estrategia peri\u00f3dicamente para asegurarnos de que vamos por el buen camino.<\/li><\/ul>\n<\/div><\/div>\n<\/div>\n<\/div>\n\n<div class=\"wp-block-columns is-layout-flex wp-container-core-columns-is-layout-9d6595d7 wp-block-columns-is-layout-flex\">\n<div class=\"wp-block-column is-layout-flow wp-block-column-is-layout-flow\">\n<div class=\"wp-block-group\"><div class=\"wp-block-group__inner-container is-layout-flow wp-block-group-is-layout-flow\">\n<h2 class=\"wp-block-heading\" id=\"simulador\">Simulador<\/h2>\n\n\n\n<h4 class=\"has-text-align-center wp-block-heading\" id=\"faq-group-simulador-style-toggle-orderby-menu-order\"><h3 class=\"accordion-header\" id=\"heading3736\"><button class=\"accordion-button collapsed\" type=\"button\" data-bs-toggle=\"collapse\" data-bs-target=\"#collapse3736\" aria-expanded=\"true\" aria-controls=\"collapse3736\">Simulador d&#8217;Aportacions<\/button><\/h3><div id=\"collapse3736\" class=\"accordion-collapse collapse\" aria-labelledby=\"heading3736\" data-bs-parent=\"#collapse3736\"><div class=\"accordion-body\"><iframe style=\"max-width: 100%; max-height: 100vh; width: 100vw; height: 100vw;\" src=\"https:\/\/vidacaixasimuladores.afi.es\/RetirementSimulator?idioma=CA&date=20260502024542&hash=1214fc911a557722cb4dbae417c26c04ceecfc1f0ad7fcba479707655d95b8bd\"><\/iframe><\/div><\/div><h3 class=\"accordion-header\" id=\"heading3734\"><button class=\"accordion-button collapsed\" type=\"button\" data-bs-toggle=\"collapse\" data-bs-target=\"#collapse3734\" aria-expanded=\"true\" aria-controls=\"collapse3734\">Simulador de Prestacions<\/button><\/h3><div id=\"collapse3734\" class=\"accordion-collapse collapse\" aria-labelledby=\"heading3734\" data-bs-parent=\"#collapse3734\"><div class=\"accordion-body\"><p><iframe style=\"max-width: 100%; max-height: 100vh; width: 100vw; height: 100vw;\" src=\"https:\/\/vidacaixasimuladores.afi.es\/BenefitSimulator?idioma=CA&date=20260502024542&hash=1214fc911a557722cb4dbae417c26c04ceecfc1f0ad7fcba479707655d95b8bd\"><\/iframe><\/p>\n<\/div><\/div><h3 class=\"accordion-header\" id=\"heading3732\"><button class=\"accordion-button collapsed\" type=\"button\" data-bs-toggle=\"collapse\" data-bs-target=\"#collapse3732\" aria-expanded=\"true\" aria-controls=\"collapse3732\">Simulador de Risc<\/button><\/h3><div id=\"collapse3732\" class=\"accordion-collapse collapse\" aria-labelledby=\"heading3732\" data-bs-parent=\"#collapse3732\"><div class=\"accordion-body\"><p><iframe style=\"max-width: 100%; max-height: 100vh; width: 100vw; height: 100vw;\" src=\"https:\/\/vidacaixasimuladores.afi.es\/LifeRiskSimulator?idioma=CA&date=20260502024542&hash=1214fc911a557722cb4dbae417c26c04ceecfc1f0ad7fcba479707655d95b8bd\"><\/iframe><\/p>\n<\/div><\/div><\/h4>\n\n\n\n<p><\/p>\n<\/div><\/div>\n<\/div>\n<\/div>\n","protected":false},"excerpt":{"rendered":"<p>La jubilaci\u00f3 \u00e9s, cada vegada m\u00e9s, una de les fites vitals m\u00e9s importants des del punt de vista financer. El retir \u00e9s cada vegada un per\u00edode m\u00e9s llarg i, al mateix temps, una etapa de la vida a la qual cada vegada li exigim m\u00e9s: viatjar, gaudir de la fam\u00edlia, dur a terme aficions i [&hellip;]<\/p>\n","protected":false},"author":2,"featured_media":0,"parent":2075,"menu_order":0,"comment_status":"closed","ping_status":"closed","template":"","meta":{"_acf_changed":false,"_monsterinsights_skip_tracking":false,"_monsterinsights_sitenote_active":false,"_monsterinsights_sitenote_note":"","_monsterinsights_sitenote_category":0,"footnotes":""},"class_list":["post-2107","page","type-page","status-publish","hentry"],"acf":[],"yoast_head":"<!-- This site is optimized with the Yoast SEO plugin v27.5 - https:\/\/yoast.com\/product\/yoast-seo-wordpress\/ -->\n<title>Estic estalviant - Plan de Pensiones de Empleo (PC30)<\/title>\n<meta name=\"robots\" content=\"index, follow, max-snippet:-1, max-image-preview:large, max-video-preview:-1\" \/>\n<link rel=\"canonical\" href=\"https:\/\/www.fpecaixa.info\/participe-y-beneficiario\/estoy-ahorrando\/\" \/>\n<meta property=\"og:locale\" content=\"ca_ES\" \/>\n<meta property=\"og:type\" content=\"article\" \/>\n<meta property=\"og:title\" content=\"Estic estalviant - Plan de Pensiones de Empleo (PC30)\" \/>\n<meta property=\"og:description\" content=\"La jubilaci\u00f3 \u00e9s, cada vegada m\u00e9s, una de les fites vitals m\u00e9s importants des del punt de vista financer. El retir \u00e9s cada vegada un per\u00edode m\u00e9s llarg i, al mateix temps, una etapa de la vida a la qual cada vegada li exigim m\u00e9s: viatjar, gaudir de la fam\u00edlia, dur a terme aficions i [&hellip;]\" \/>\n<meta property=\"og:url\" content=\"https:\/\/www.fpecaixa.info\/participe-y-beneficiario\/estoy-ahorrando\/\" \/>\n<meta property=\"og:site_name\" content=\"Plan de Pensiones de Empleo (PC30)\" \/>\n<meta property=\"article:modified_time\" content=\"2024-10-23T15:11:50+00:00\" \/>\n<meta property=\"og:image\" content=\"http:\/\/www.fpecaixa.info\/wp-content\/uploads\/2024\/09\/Aportacions-Vol.-1024x407.jpg\" \/>\n<meta name=\"twitter:card\" content=\"summary_large_image\" \/>\n<meta name=\"twitter:label1\" content=\"Temps estimat de lectura\" \/>\n\t<meta name=\"twitter:data1\" content=\"8 minuts\" \/>\n<script type=\"application\/ld+json\" class=\"yoast-schema-graph\">{\"@context\":\"https:\\\/\\\/schema.org\",\"@graph\":[{\"@type\":\"WebPage\",\"@id\":\"https:\\\/\\\/www.fpecaixa.info\\\/participe-y-beneficiario\\\/estoy-ahorrando\\\/\",\"url\":\"https:\\\/\\\/www.fpecaixa.info\\\/participe-y-beneficiario\\\/estoy-ahorrando\\\/\",\"name\":\"Estic estalviant - Plan de Pensiones de Empleo (PC30)\",\"isPartOf\":{\"@id\":\"https:\\\/\\\/www.fpecaixa.info\\\/#website\"},\"primaryImageOfPage\":{\"@id\":\"https:\\\/\\\/www.fpecaixa.info\\\/participe-y-beneficiario\\\/estoy-ahorrando\\\/#primaryimage\"},\"image\":{\"@id\":\"https:\\\/\\\/www.fpecaixa.info\\\/participe-y-beneficiario\\\/estoy-ahorrando\\\/#primaryimage\"},\"thumbnailUrl\":\"http:\\\/\\\/www.fpecaixa.info\\\/wp-content\\\/uploads\\\/2024\\\/09\\\/Aportacions-Vol.-1024x407.jpg\",\"datePublished\":\"2021-08-30T08:34:12+00:00\",\"dateModified\":\"2024-10-23T15:11:50+00:00\",\"breadcrumb\":{\"@id\":\"https:\\\/\\\/www.fpecaixa.info\\\/participe-y-beneficiario\\\/estoy-ahorrando\\\/#breadcrumb\"},\"inLanguage\":\"ca\",\"potentialAction\":[{\"@type\":\"ReadAction\",\"target\":[\"https:\\\/\\\/www.fpecaixa.info\\\/participe-y-beneficiario\\\/estoy-ahorrando\\\/\"]}]},{\"@type\":\"ImageObject\",\"inLanguage\":\"ca\",\"@id\":\"https:\\\/\\\/www.fpecaixa.info\\\/participe-y-beneficiario\\\/estoy-ahorrando\\\/#primaryimage\",\"url\":\"http:\\\/\\\/www.fpecaixa.info\\\/wp-content\\\/uploads\\\/2024\\\/09\\\/Aportacions-Vol.-1024x407.jpg\",\"contentUrl\":\"http:\\\/\\\/www.fpecaixa.info\\\/wp-content\\\/uploads\\\/2024\\\/09\\\/Aportacions-Vol.-1024x407.jpg\"},{\"@type\":\"BreadcrumbList\",\"@id\":\"https:\\\/\\\/www.fpecaixa.info\\\/participe-y-beneficiario\\\/estoy-ahorrando\\\/#breadcrumb\",\"itemListElement\":[{\"@type\":\"ListItem\",\"position\":1,\"name\":\"Inici\",\"item\":\"https:\\\/\\\/www.fpecaixa.info\\\/ca\\\/\"},{\"@type\":\"ListItem\",\"position\":2,\"name\":\"Part\u00edcip i Beneficiari\",\"item\":\"https:\\\/\\\/www.fpecaixa.info\\\/ca\\\/participi-i-beneficiari\\\/\"},{\"@type\":\"ListItem\",\"position\":3,\"name\":\"Estic estalviant\"}]},{\"@type\":\"WebSite\",\"@id\":\"https:\\\/\\\/www.fpecaixa.info\\\/#website\",\"url\":\"https:\\\/\\\/www.fpecaixa.info\\\/\",\"name\":\"Plan de Pensiones de Empleo (PC30)\",\"description\":\"Web informativa para el Plan de Pensiones de Empleo (PC30) de trabajadores de Caixabank\",\"potentialAction\":[{\"@type\":\"SearchAction\",\"target\":{\"@type\":\"EntryPoint\",\"urlTemplate\":\"https:\\\/\\\/www.fpecaixa.info\\\/?s={search_term_string}\"},\"query-input\":{\"@type\":\"PropertyValueSpecification\",\"valueRequired\":true,\"valueName\":\"search_term_string\"}}],\"inLanguage\":\"ca\"}]}<\/script>\n<!-- \/ Yoast SEO plugin. -->","yoast_head_json":{"title":"Estic estalviant - Plan de Pensiones de Empleo (PC30)","robots":{"index":"index","follow":"follow","max-snippet":"max-snippet:-1","max-image-preview":"max-image-preview:large","max-video-preview":"max-video-preview:-1"},"canonical":"https:\/\/www.fpecaixa.info\/participe-y-beneficiario\/estoy-ahorrando\/","og_locale":"ca_ES","og_type":"article","og_title":"Estic estalviant - Plan de Pensiones de Empleo (PC30)","og_description":"La jubilaci\u00f3 \u00e9s, cada vegada m\u00e9s, una de les fites vitals m\u00e9s importants des del punt de vista financer. El retir \u00e9s cada vegada un per\u00edode m\u00e9s llarg i, al mateix temps, una etapa de la vida a la qual cada vegada li exigim m\u00e9s: viatjar, gaudir de la fam\u00edlia, dur a terme aficions i [&hellip;]","og_url":"https:\/\/www.fpecaixa.info\/participe-y-beneficiario\/estoy-ahorrando\/","og_site_name":"Plan de Pensiones de Empleo (PC30)","article_modified_time":"2024-10-23T15:11:50+00:00","og_image":[{"url":"http:\/\/www.fpecaixa.info\/wp-content\/uploads\/2024\/09\/Aportacions-Vol.-1024x407.jpg","type":"","width":"","height":""}],"twitter_card":"summary_large_image","twitter_misc":{"Temps estimat de lectura":"8 minuts"},"schema":{"@context":"https:\/\/schema.org","@graph":[{"@type":"WebPage","@id":"https:\/\/www.fpecaixa.info\/participe-y-beneficiario\/estoy-ahorrando\/","url":"https:\/\/www.fpecaixa.info\/participe-y-beneficiario\/estoy-ahorrando\/","name":"Estic estalviant - Plan de Pensiones de Empleo (PC30)","isPartOf":{"@id":"https:\/\/www.fpecaixa.info\/#website"},"primaryImageOfPage":{"@id":"https:\/\/www.fpecaixa.info\/participe-y-beneficiario\/estoy-ahorrando\/#primaryimage"},"image":{"@id":"https:\/\/www.fpecaixa.info\/participe-y-beneficiario\/estoy-ahorrando\/#primaryimage"},"thumbnailUrl":"http:\/\/www.fpecaixa.info\/wp-content\/uploads\/2024\/09\/Aportacions-Vol.-1024x407.jpg","datePublished":"2021-08-30T08:34:12+00:00","dateModified":"2024-10-23T15:11:50+00:00","breadcrumb":{"@id":"https:\/\/www.fpecaixa.info\/participe-y-beneficiario\/estoy-ahorrando\/#breadcrumb"},"inLanguage":"ca","potentialAction":[{"@type":"ReadAction","target":["https:\/\/www.fpecaixa.info\/participe-y-beneficiario\/estoy-ahorrando\/"]}]},{"@type":"ImageObject","inLanguage":"ca","@id":"https:\/\/www.fpecaixa.info\/participe-y-beneficiario\/estoy-ahorrando\/#primaryimage","url":"http:\/\/www.fpecaixa.info\/wp-content\/uploads\/2024\/09\/Aportacions-Vol.-1024x407.jpg","contentUrl":"http:\/\/www.fpecaixa.info\/wp-content\/uploads\/2024\/09\/Aportacions-Vol.-1024x407.jpg"},{"@type":"BreadcrumbList","@id":"https:\/\/www.fpecaixa.info\/participe-y-beneficiario\/estoy-ahorrando\/#breadcrumb","itemListElement":[{"@type":"ListItem","position":1,"name":"Inici","item":"https:\/\/www.fpecaixa.info\/ca\/"},{"@type":"ListItem","position":2,"name":"Part\u00edcip i Beneficiari","item":"https:\/\/www.fpecaixa.info\/ca\/participi-i-beneficiari\/"},{"@type":"ListItem","position":3,"name":"Estic estalviant"}]},{"@type":"WebSite","@id":"https:\/\/www.fpecaixa.info\/#website","url":"https:\/\/www.fpecaixa.info\/","name":"Plan de Pensiones de Empleo (PC30)","description":"Web informativa para el Plan de Pensiones de Empleo (PC30) de trabajadores de Caixabank","potentialAction":[{"@type":"SearchAction","target":{"@type":"EntryPoint","urlTemplate":"https:\/\/www.fpecaixa.info\/?s={search_term_string}"},"query-input":{"@type":"PropertyValueSpecification","valueRequired":true,"valueName":"search_term_string"}}],"inLanguage":"ca"}]}},"_links":{"self":[{"href":"https:\/\/www.fpecaixa.info\/ca\/wp-json\/wp\/v2\/pages\/2107","targetHints":{"allow":["GET"]}}],"collection":[{"href":"https:\/\/www.fpecaixa.info\/ca\/wp-json\/wp\/v2\/pages"}],"about":[{"href":"https:\/\/www.fpecaixa.info\/ca\/wp-json\/wp\/v2\/types\/page"}],"author":[{"embeddable":true,"href":"https:\/\/www.fpecaixa.info\/ca\/wp-json\/wp\/v2\/users\/2"}],"replies":[{"embeddable":true,"href":"https:\/\/www.fpecaixa.info\/ca\/wp-json\/wp\/v2\/comments?post=2107"}],"version-history":[{"count":16,"href":"https:\/\/www.fpecaixa.info\/ca\/wp-json\/wp\/v2\/pages\/2107\/revisions"}],"predecessor-version":[{"id":5445,"href":"https:\/\/www.fpecaixa.info\/ca\/wp-json\/wp\/v2\/pages\/2107\/revisions\/5445"}],"up":[{"embeddable":true,"href":"https:\/\/www.fpecaixa.info\/ca\/wp-json\/wp\/v2\/pages\/2075"}],"wp:attachment":[{"href":"https:\/\/www.fpecaixa.info\/ca\/wp-json\/wp\/v2\/media?parent=2107"}],"curies":[{"name":"wp","href":"https:\/\/api.w.org\/{rel}","templated":true}]}}